{"id":157,"date":"2012-11-16T20:25:49","date_gmt":"2012-11-16T20:25:49","guid":{"rendered":"http:\/\/www.jvp-krizevci.hr\/?page_id=157"},"modified":"2014-01-07T07:26:22","modified_gmt":"2014-01-07T07:26:22","slug":"vzo-gornja-rijeka","status":"publish","type":"page","link":"https:\/\/www.jvp-krizevci.hr\/?page_id=157","title":{"rendered":"VZO GORNJA RIJEKA"},"content":{"rendered":"<p>Vatrogasna zajednica op\u0107ine Gornja Rijeka osnovana je 1994. godine i u nju su udru\u017eena slijede\u0107a dobrovoljna vatrogasna dru\u0161tva:<\/p>\n<div align=\"center\">\n<table border=\"1\" cellspacing=\"0\" cellpadding=\"0\">\n<tbody>\n<tr>\n<td width=\"50\">\n<p align=\"center\"><strong>R.br.<\/strong><\/p>\n<\/td>\n<td width=\"156\">\n<p align=\"center\"><strong>DVD<\/strong><\/p>\n<\/td>\n<td width=\"113\">\n<p align=\"center\"><strong>God. osnutka<\/strong><\/p>\n<\/td>\n<td width=\"142\">\n<p align=\"center\"><strong>Predsjednik<\/strong><\/p>\n<\/td>\n<td width=\"155\">\n<p align=\"center\"><strong>Zapovjednik \u00a0<\/strong><\/p>\n<\/td>\n<\/tr>\n<tr>\n<td width=\"50\">\n<p align=\"right\">1.<\/p>\n<\/td>\n<td width=\"156\">Gornja Rijeka<\/td>\n<td width=\"113\">\n<p align=\"center\">1893.<\/p>\n<\/td>\n<td width=\"142\">Hasanec Mario<\/td>\n<td width=\"155\">Fi\u0161trovi\u0107 Zdenko<\/td>\n<\/tr>\n<tr>\n<td width=\"50\">\n<p align=\"right\">2.<\/p>\n<\/td>\n<td width=\"156\">Dekle\u0161anec<\/td>\n<td width=\"113\"><\/td>\n<td width=\"142\">Krakan Dra\u017een<\/td>\n<td width=\"155\">Belani Franjo<\/td>\n<\/tr>\n<tr>\n<td width=\"50\">\n<p align=\"right\">3.<\/p>\n<\/td>\n<td width=\"156\">Dropkovec<\/td>\n<td width=\"113\">1954.<\/td>\n<td width=\"142\">Srbljinovi\u0107 Drago<\/td>\n<td width=\"155\">Srbljinovi\u0107 Ivica<\/td>\n<\/tr>\n<tr>\n<td width=\"50\">\n<p align=\"right\">4.<\/p>\n<\/td>\n<td width=\"156\">Kolarec<\/td>\n<td width=\"113\">\u00a01935.<\/td>\n<td width=\"142\">Valjak Mario<\/td>\n<td width=\"155\">Valjak Kruno<\/td>\n<\/tr>\n<tr>\n<td width=\"50\">\n<p align=\"right\">5.<\/p>\n<\/td>\n<td width=\"156\">Kostanjevec Rije\u010dki<\/td>\n<td width=\"113\">\u00a01983.<\/td>\n<td width=\"142\">Bukal Mladen<\/td>\n<td width=\"155\">Tuk\u0161a Franjo<\/td>\n<\/tr>\n<\/tbody>\n<\/table>\n<\/div>\n<p>Predsjednik Zajednice je Srbljinovi\u0107 Dragutin (DVD Dropkovec)\u00a0 a Zapovjednik Hasanec Slavko (DVD Gornja Rijeka).<\/p>\n<p>Dobrovoljna vatrogasna dru\u0161tva Zajednice raspola\u017eu sa slijede\u0107im vatrogasnim vozilima:<\/p>\n<div align=\"center\">\n<table width=\"721\" border=\"1\" cellspacing=\"0\" cellpadding=\"0\">\n<tbody>\n<tr>\n<td width=\"53\">\n<p align=\"center\"><strong>R.br.<\/strong><\/p>\n<\/td>\n<td width=\"208\">\n<p align=\"center\"><strong>DVD<\/strong><\/p>\n<\/td>\n<td width=\"359\">\n<p align=\"center\"><strong>Vatrogasna vozila<\/strong><\/p>\n<\/td>\n<\/tr>\n<tr>\n<td width=\"53\">\n<p align=\"right\">1.<\/p>\n<\/td>\n<td width=\"208\">Gornja Rijeka<\/td>\n<td width=\"359\">Navalno vozilo\u00a0\u00a0\u00a0\u00a0 \u00a0 \u00a0 \u00a0 \u00a0 \u00a0 \u00a0 \u00a0 \u00a0 \u00a0 \u00a0 \u00a0\u00a0\u00a0\u00a0\u00a0\u00a0\u00a0\u00a0\u00a0\u00a0\u00a0\u00a0\u00a0\u00a0 Vozilo za prijevoz osoba<\/td>\n<\/tr>\n<tr>\n<td width=\"53\">\n<p align=\"right\">2.<\/p>\n<\/td>\n<td width=\"208\">Dekle\u0161anec<\/td>\n<td width=\"359\">\u00a0Vozilo za prijevoz osoba<\/td>\n<\/tr>\n<tr>\n<td width=\"53\">\n<p align=\"right\">3.<\/p>\n<\/td>\n<td width=\"208\">Dropkovec<\/td>\n<td width=\"359\">\u00a0Navalno vozilo<\/td>\n<\/tr>\n<tr>\n<td width=\"53\">\n<p align=\"right\">4.<\/p>\n<\/td>\n<td width=\"208\">Kolarec<\/td>\n<td width=\"359\">\u00a0Zapovjedno vozilo, prikolica<\/td>\n<\/tr>\n<tr>\n<td width=\"53\">\n<p align=\"right\">5.<\/p>\n<\/td>\n<td width=\"208\">Kostanjevec Rije\u010dki<\/td>\n<td width=\"359\"><\/td>\n<\/tr>\n<\/tbody>\n<\/table>\n<\/div>\n<p>&nbsp;<\/p>\n","protected":false},"excerpt":{"rendered":"<p>Vatrogasna zajednica op\u0107ine Gornja Rijeka osnovana je 1994. godine i u nju su udru\u017eena slijede\u0107a dobrovoljna vatrogasna dru\u0161tva: R.br. DVD God. osnutka Predsjednik Zapovjednik \u00a0 1. Gornja Rijeka 1893. Hasanec Mario Fi\u0161trovi\u0107 Zdenko 2. Dekle\u0161anec Krakan Dra\u017een Belani Franjo 3. &hellip; <a href=\"https:\/\/www.jvp-krizevci.hr\/?page_id=157\">Nastavi \u010ditati <span class=\"meta-nav\">&rarr;<\/span><\/a><\/p>\n","protected":false},"author":1,"featured_media":0,"parent":0,"menu_order":0,"comment_status":"closed","ping_status":"closed","template":"onecolumn-page.php","meta":{"ngg_post_thumbnail":0,"footnotes":""},"class_list":["post-157","page","type-page","status-publish","hentry"],"_links":{"self":[{"href":"https:\/\/www.jvp-krizevci.hr\/index.php?rest_route=\/wp\/v2\/pages\/157","targetHints":{"allow":["GET"]}}],"collection":[{"href":"https:\/\/www.jvp-krizevci.hr\/index.php?rest_route=\/wp\/v2\/pages"}],"about":[{"href":"https:\/\/www.jvp-krizevci.hr\/index.php?rest_route=\/wp\/v2\/types\/page"}],"author":[{"embeddable":true,"href":"https:\/\/www.jvp-krizevci.hr\/index.php?rest_route=\/wp\/v2\/users\/1"}],"replies":[{"embeddable":true,"href":"https:\/\/www.jvp-krizevci.hr\/index.php?rest_route=%2Fwp%2Fv2%2Fcomments&post=157"}],"version-history":[{"count":12,"href":"https:\/\/www.jvp-krizevci.hr\/index.php?rest_route=\/wp\/v2\/pages\/157\/revisions"}],"predecessor-version":[{"id":327,"href":"https:\/\/www.jvp-krizevci.hr\/index.php?rest_route=\/wp\/v2\/pages\/157\/revisions\/327"}],"wp:attachment":[{"href":"https:\/\/www.jvp-krizevci.hr\/index.php?rest_route=%2Fwp%2Fv2%2Fmedia&parent=157"}],"curies":[{"name":"wp","href":"https:\/\/api.w.org\/{rel}","templated":true}]}}