{"id":763,"date":"2012-12-19T06:55:32","date_gmt":"2012-12-19T06:55:32","guid":{"rendered":"http:\/\/www.jvp-krizevci.hr\/?page_id=763"},"modified":"2013-01-03T16:20:19","modified_gmt":"2013-01-03T16:20:19","slug":"galerija-vozila-i-opreme","status":"publish","type":"page","link":"https:\/\/www.jvp-krizevci.hr\/?page_id=763","title":{"rendered":"VOZILA I OPREMA"},"content":{"rendered":"<p><a href=\"https:\/\/www.jvp-krizevci.hr\/wp-content\/uploads\/2012\/12\/Banner.jpg\"><img loading=\"lazy\" decoding=\"async\" class=\"aligncenter size-full wp-image-769\" alt=\"Banner\" src=\"https:\/\/www.jvp-krizevci.hr\/wp-content\/uploads\/2012\/12\/Banner.jpg\" width=\"640\" height=\"149\" srcset=\"https:\/\/www.jvp-krizevci.hr\/wp-content\/uploads\/2012\/12\/Banner.jpg 640w, https:\/\/www.jvp-krizevci.hr\/wp-content\/uploads\/2012\/12\/Banner-300x69.jpg 300w\" sizes=\"auto, (max-width: 640px) 100vw, 640px\" \/><\/a><\/p>\n<p>Mercedes Atego 1622 &#8211; Autocisterna<\/p>\n<div class=\"TINYMCE_gallery_wrapper\">\n<ul class=\"TINYMCE_gallery\">\n<li><a class=\"tinymce-thumbnail-gallery-image\" style=\"width: 100px; height: 80px; border-color: #CCCCCC;\" title=\"\" href=\"https:\/\/www.jvp-krizevci.hr\/wp-content\/uploads\/2012\/12\/AC1.jpg\" rel=\"TINYMCE_gallery\"><img decoding=\"async\" style=\";left: -10px; top: -10px; border-color: #CCCCCC;\" alt=\"\" src=\"https:\/\/www.jvp-krizevci.hr\/wp-content\/uploads\/2012\/12\/AC1-300x225.jpg\" \/><\/a><\/li>\n<li><a class=\"tinymce-thumbnail-gallery-image\" style=\"width: 100px; height: 80px; border-color: #CCCCCC;\" title=\"\" href=\"https:\/\/www.jvp-krizevci.hr\/wp-content\/uploads\/2012\/12\/AC2.jpg\" rel=\"TINYMCE_gallery\"><img decoding=\"async\" style=\";left: NaNpx; top: NaNpx; border-color: #CCCCCC;\" alt=\"\" src=\"https:\/\/www.jvp-krizevci.hr\/wp-content\/uploads\/2012\/12\/AC2-300x225.jpg\" \/><\/a><\/li>\n<\/ul>\n<\/div>\n<p class=\"JC_credit_link\"><!--[TINYMCE_THUMBNAIL_LINK]--><\/p>\n<p>Mercedes Atego 1628 &#8211; Navalno vozilo s CAFS sustavom<br \/>\nza ga\u0161enje<\/p>\n<div class=\"TINYMCE_gallery_wrapper\">\n<ul class=\"TINYMCE_gallery\">\n<li><a class=\"tinymce-thumbnail-gallery-image\" style=\"width: 100px; height: 80px; border-color: #CCCCCC;\" title=\"\" href=\"https:\/\/www.jvp-krizevci.hr\/wp-content\/uploads\/2012\/12\/Nav1.jpg\" rel=\"TINYMCE_gallery\"><img decoding=\"async\" style=\";left: -10px; top: -10px; border-color: #CCCCCC;\" alt=\"\" src=\"https:\/\/www.jvp-krizevci.hr\/wp-content\/uploads\/2012\/12\/Nav1-300x225.jpg\" \/><\/a><\/li>\n<li><a class=\"tinymce-thumbnail-gallery-image\" style=\"width: 100px; height: 80px; border-color: #CCCCCC;\" title=\"\" href=\"https:\/\/www.jvp-krizevci.hr\/wp-content\/uploads\/2012\/12\/Nav2.jpg\" rel=\"TINYMCE_gallery\"><img decoding=\"async\" style=\";left: NaNpx; top: NaNpx; border-color: #CCCCCC;\" alt=\"\" src=\"https:\/\/www.jvp-krizevci.hr\/wp-content\/uploads\/2012\/12\/Nav2-300x225.jpg\" \/><\/a><\/li>\n<li><a class=\"tinymce-thumbnail-gallery-image\" style=\"width: 100px; height: 80px; border-color: #CCCCCC;\" title=\"\" href=\"https:\/\/www.jvp-krizevci.hr\/wp-content\/uploads\/2012\/12\/Nav3.jpg\" rel=\"TINYMCE_gallery\"><img decoding=\"async\" style=\";left: NaNpx; top: NaNpx; border-color: #CCCCCC;\" alt=\"\" src=\"https:\/\/www.jvp-krizevci.hr\/wp-content\/uploads\/2012\/12\/Nav3-300x225.jpg\" \/><\/a><\/li>\n<li><a class=\"tinymce-thumbnail-gallery-image\" style=\"width: 100px; height: 80px; border-color: #CCCCCC;\" title=\"\" href=\"https:\/\/www.jvp-krizevci.hr\/wp-content\/uploads\/2012\/12\/Nav4.jpg\" rel=\"TINYMCE_gallery\"><img decoding=\"async\" style=\";left: NaNpx; top: NaNpx; border-color: #CCCCCC;\" alt=\"\" src=\"https:\/\/www.jvp-krizevci.hr\/wp-content\/uploads\/2012\/12\/Nav4-300x225.jpg\" \/><\/a><\/li>\n<\/ul>\n<\/div>\n<p class=\"JC_credit_link\"><!--[TINYMCE_THUMBNAIL_LINK]--><\/p>\n<p>Magirus 192 &#8211; Vozilo za tehni\u010dke intervencije<\/p>\n<div class=\"TINYMCE_gallery_wrapper\">\n<ul class=\"TINYMCE_gallery\">\n<li><a class=\"tinymce-thumbnail-gallery-image\" style=\"width: 100px; height: 80px; border-color: #CCCCCC;\" title=\"\" href=\"https:\/\/www.jvp-krizevci.hr\/wp-content\/uploads\/2012\/12\/Teh1.jpg\" rel=\"TINYMCE_gallery\"><img decoding=\"async\" style=\";left: -10px; top: -10px; border-color: #CCCCCC;\" alt=\"\" src=\"https:\/\/www.jvp-krizevci.hr\/wp-content\/uploads\/2012\/12\/Teh1-300x225.jpg\" \/><\/a><\/li>\n<li><a class=\"tinymce-thumbnail-gallery-image\" style=\"width: 100px; height: 80px; border-color: #CCCCCC;\" title=\"\" href=\"https:\/\/www.jvp-krizevci.hr\/wp-content\/uploads\/2012\/12\/Teh2.jpg\" rel=\"TINYMCE_gallery\"><img decoding=\"async\" style=\";left: NaNpx; top: NaNpx; border-color: #CCCCCC;\" alt=\"\" src=\"https:\/\/www.jvp-krizevci.hr\/wp-content\/uploads\/2012\/12\/Teh2-300x225.jpg\" \/><\/a><\/li>\n<\/ul>\n<\/div>\n<p class=\"JC_credit_link\"><!--[TINYMCE_THUMBNAIL_LINK]--><\/p>\n<p>TAM 190T15 &#8211; Kombinirano vozilo za ga\u0161enje vodom i pjenom<\/p>\n<div class=\"TINYMCE_gallery_wrapper\">\n<ul class=\"TINYMCE_gallery\">\n<li><a class=\"tinymce-thumbnail-gallery-image\" style=\"width: 100px; height: 80px; border-color: #CCCCCC;\" title=\"\" href=\"https:\/\/www.jvp-krizevci.hr\/wp-content\/uploads\/2012\/12\/Tam1.jpg\" rel=\"TINYMCE_gallery\"><img decoding=\"async\" style=\"left: -10px; top: -10px; border-color: #cccccc;\" alt=\"\" src=\"https:\/\/www.jvp-krizevci.hr\/wp-content\/uploads\/2012\/12\/Tam1-300x225.jpg\" \/><\/a><\/li>\n<li><a class=\"tinymce-thumbnail-gallery-image\" style=\"width: 100px; height: 80px; border-color: #CCCCCC;\" title=\"\" href=\"https:\/\/www.jvp-krizevci.hr\/wp-content\/uploads\/2012\/12\/Tam2.jpg\" rel=\"TINYMCE_gallery\"><img decoding=\"async\" style=\";left: NaNpx; top: NaNpx; border-color: #CCCCCC;\" alt=\"\" src=\"https:\/\/www.jvp-krizevci.hr\/wp-content\/uploads\/2012\/12\/Tam2-300x225.jpg\" \/><\/a><\/li>\n<\/ul>\n<\/div>\n<p class=\"JC_credit_link\"><!--[TINYMCE_THUMBNAIL_LINK]--><\/p>\n<p>Mercedes 1628 &#8211; Autoljestva L39<\/p>\n<div class=\"TINYMCE_gallery_wrapper\">\n<ul class=\"TINYMCE_gallery\">\n<li><a class=\"tinymce-thumbnail-gallery-image\" style=\"width: 100px; height: 80px; border-color: #CCCCCC;\" title=\"\" href=\"https:\/\/www.jvp-krizevci.hr\/wp-content\/uploads\/2012\/12\/AL1.jpg\" rel=\"TINYMCE_gallery\"><img decoding=\"async\" style=\";left: -10px; top: -10px; border-color: #CCCCCC;\" alt=\"\" src=\"https:\/\/www.jvp-krizevci.hr\/wp-content\/uploads\/2012\/12\/AL1-300x265.jpg\" \/><\/a><\/li>\n<li><a class=\"tinymce-thumbnail-gallery-image\" style=\"width: 100px; height: 80px; border-color: #CCCCCC;\" title=\"\" href=\"https:\/\/www.jvp-krizevci.hr\/wp-content\/uploads\/2012\/12\/AL2.jpg\" rel=\"TINYMCE_gallery\"><img decoding=\"async\" style=\";left: NaNpx; top: NaNpx; border-color: #CCCCCC;\" alt=\"\" src=\"https:\/\/www.jvp-krizevci.hr\/wp-content\/uploads\/2012\/12\/AL2-221x300.jpg\" \/><\/a><\/li>\n<\/ul>\n<\/div>\n<p class=\"JC_credit_link\"><!--[TINYMCE_THUMBNAIL_LINK]--><\/p>\n","protected":false},"excerpt":{"rendered":"<p>Mercedes Atego 1622 &#8211; Autocisterna Mercedes Atego 1628 &#8211; Navalno vozilo s CAFS sustavom za ga\u0161enje Magirus 192 &#8211; Vozilo za tehni\u010dke intervencije TAM 190T15 &#8211; Kombinirano vozilo za ga\u0161enje vodom i pjenom Mercedes 1628 &#8211; Autoljestva L39<\/p>\n","protected":false},"author":1,"featured_media":0,"parent":0,"menu_order":0,"comment_status":"closed","ping_status":"closed","template":"","meta":{"ngg_post_thumbnail":0,"footnotes":""},"class_list":["post-763","page","type-page","status-publish","hentry"],"_links":{"self":[{"href":"https:\/\/www.jvp-krizevci.hr\/index.php?rest_route=\/wp\/v2\/pages\/763","targetHints":{"allow":["GET"]}}],"collection":[{"href":"https:\/\/www.jvp-krizevci.hr\/index.php?rest_route=\/wp\/v2\/pages"}],"about":[{"href":"https:\/\/www.jvp-krizevci.hr\/index.php?rest_route=\/wp\/v2\/types\/page"}],"author":[{"embeddable":true,"href":"https:\/\/www.jvp-krizevci.hr\/index.php?rest_route=\/wp\/v2\/users\/1"}],"replies":[{"embeddable":true,"href":"https:\/\/www.jvp-krizevci.hr\/index.php?rest_route=%2Fwp%2Fv2%2Fcomments&post=763"}],"version-history":[{"count":12,"href":"https:\/\/www.jvp-krizevci.hr\/index.php?rest_route=\/wp\/v2\/pages\/763\/revisions"}],"predecessor-version":[{"id":766,"href":"https:\/\/www.jvp-krizevci.hr\/index.php?rest_route=\/wp\/v2\/pages\/763\/revisions\/766"}],"wp:attachment":[{"href":"https:\/\/www.jvp-krizevci.hr\/index.php?rest_route=%2Fwp%2Fv2%2Fmedia&parent=763"}],"curies":[{"name":"wp","href":"https:\/\/api.w.org\/{rel}","templated":true}]}}